{"version":"1.0","provider_name":"A-A","provider_url":"https:\/\/arquitecturadeasturias.com\/obras","author_name":"Andrea Alvarez","author_url":"https:\/\/arquitecturadeasturias.com\/obras\/author\/andrea-alvarez\/","title":"Comedor del Colegio Maestro Jaime Borr\u00e1s - A-A","type":"rich","width":600,"height":338,"html":"<blockquote class=\"wp-embedded-content\"><a href=\"https:\/\/arquitecturadeasturias.com\/obras\/comedor-del-colegio-guillen-lafuerza\/\">Comedor del Colegio Maestro Jaime Borr\u00e1s<\/a><\/blockquote>\n<script type='text\/javascript'>\n<!--\/\/--><![CDATA[\/\/><!--\n\t\t\/*! This file is auto-generated *\/\n\t\t!function(d,l){\"use strict\";var e=!1,n=!1;if(l.querySelector)if(d.addEventListener)e=!0;if(d.wp=d.wp||{},!d.wp.receiveEmbedMessage)if(d.wp.receiveEmbedMessage=function(e){var t=e.data;if(t)if(t.secret||t.message||t.value)if(!\/[^a-zA-Z0-9]\/.test(t.secret)){for(var r,i,a,s=l.querySelectorAll('iframe[data-secret=\"'+t.secret+'\"]'),n=l.querySelectorAll('blockquote[data-secret=\"'+t.secret+'\"]'),o=new RegExp(\"^https?:$\",\"i\"),c=0;c<n.length;c++)n[c].style.display=\"none\";for(c=0;c<s.length;c++)if(r=s[c],e.source===r.contentWindow){if(r.removeAttribute(\"style\"),\"height\"===t.message){if(1e3<(a=parseInt(t.value,10)))a=1e3;else if(~~a<200)a=200;r.height=a}if(\"link\"===t.message)if(i=l.createElement(\"a\"),a=l.createElement(\"a\"),i.href=r.getAttribute(\"src\"),a.href=t.value,o.test(a.protocol))if(a.host===i.host)if(l.activeElement===r)d.top.location.href=t.value}}},e)d.addEventListener(\"message\",d.wp.receiveEmbedMessage,!1),l.addEventListener(\"DOMContentLoaded\",t,!1),d.addEventListener(\"load\",t,!1);function t(){if(!n){n=!0;for(var e,t,r=-1!==navigator.appVersion.indexOf(\"MSIE 10\"),i=!!navigator.userAgent.match(\/Trident.*rv:11\\.\/),a=l.querySelectorAll(\"iframe.wp-embedded-content\"),s=0;s<a.length;s++){if(!(e=a[s]).getAttribute(\"data-secret\"))t=Math.random().toString(36).substr(2,10),e.src+=\"#?secret=\"+t,e.setAttribute(\"data-secret\",t);if(r||i)(t=e.cloneNode(!0)).removeAttribute(\"security\"),e.parentNode.replaceChild(t,e)}}}}(window,document);\n\/\/--><!]]>\n<\/script><iframe sandbox=\"allow-scripts\" security=\"restricted\" src=\"https:\/\/arquitecturadeasturias.com\/obras\/comedor-del-colegio-guillen-lafuerza\/embed\/\" width=\"600\" height=\"338\" title=\"\u00abComedor del Colegio Maestro Jaime Borr\u00e1s\u00bb \u2014 A-A\" frameborder=\"0\" marginwidth=\"0\" marginheight=\"0\" scrolling=\"no\" class=\"wp-embedded-content\"><\/iframe>","thumbnail_url":"https:\/\/arquitecturadeasturias.com\/obras\/wp-content\/uploads\/2015\/03\/Exterior_012.jpg","thumbnail_width":770,"thumbnail_height":436,"description":"&nbsp; Marcos Morilla. Obra: \u00a0Comedor del Colegio Guill\u00e9n Lafuerza Arquitecto: \u00a0Miguel \u00c1ngel Garc\u00eda-Pola Vallejo Localidad: \u00a0Oviedo Ayuntamiento: \u00a0Oviedo A\u00f1o: \u00a02014 Geolocalizaci\u00f3n: 43.372-5.820 Otros Datos: Premios: Publicaciones: Informaci\u00f3n en la\u00a0red: \u00a0plataformaarquitectura \u00a0archdaily Descripci\u00f3n del proyecto: \u00abLa implantaci\u00f3n del edificio proyectado se genera tomando como referencia la ordenaci\u00f3n ortogonal del resto de edificios del Colegio P\u00fablico Guill\u00e9n..."}